
{"id":130,"date":"2023-08-01T11:28:34","date_gmt":"2023-08-01T09:28:34","guid":{"rendered":"https:\/\/przedszkole51.edu.wroclaw.pl\/?page_id=130"},"modified":"2023-08-01T14:51:10","modified_gmt":"2023-08-01T12:51:10","slug":"oplaty-za-przedszkole","status":"publish","type":"page","link":"https:\/\/przedszkole51.edu.wroclaw.pl\/index.php\/oplaty-za-przedszkole\/","title":{"rendered":"Op\u0142aty za przedszkole"},"content":{"rendered":"<p><img loading=\"lazy\" decoding=\"async\" class=\"alignnone size-medium wp-image-818 aligncenter\" src=\"https:\/\/przedszkole51.edu.wroclaw.pl\/wp-content\/uploads\/sites\/69\/2022\/01\/Oplaty-300x115.jpg\" alt=\"\" width=\"300\" height=\"115\" srcset=\"https:\/\/przedszkole51.edu.wroclaw.pl\/wp-content\/uploads\/sites\/69\/2022\/01\/Oplaty-300x115.jpg 300w, https:\/\/przedszkole51.edu.wroclaw.pl\/wp-content\/uploads\/sites\/69\/2022\/01\/Oplaty.jpg 362w\" sizes=\"auto, (max-width: 300px) 100vw, 300px\" \/><\/p>\n<p>&nbsp;<\/p>\n<ul>\n<li><span style=\"font-size: 20px\">Op\u0142at miesi\u0119cznych dokonujemy <strong>do 15-tego\u00a0dnia ka\u017cdego miesi\u0105ca<\/strong>, przelewem na rachunek indywidualny wygenerowany dla ka\u017cdego podopiecznego.\u00a0 Zmiana obowi\u0105zuje od dnia 03.12.2018 r.<\/span><\/li>\n<\/ul>\n<p>&nbsp;<\/p>\n<ul>\n<li><span style=\"font-size: 20px\">Op\u0142ata miesi\u0119czna pobierana jest z do\u0142u, za ilo\u015b\u0107 dni obecnych. Op\u0142ata obliczana jest w oparciu o elektroniczny system ewidencji czasu pobytu dziecka w przedszkolu.<\/span><\/li>\n<\/ul>\n<p>&nbsp;<\/p>\n<ul>\n<li><span style=\"font-size: 20px\"><strong>W tytule przelewu nale\u017cy poda\u0107 <\/strong><strong>imi\u0119 i nazwisko dziecka<\/strong> za kt\u00f3rego wnoszona jest op\u0142ata (mo\u017cna r\u00f3wnie\u017c poda\u0107 nr grupy). <\/span><\/li>\n<\/ul>\n<p>&nbsp;<\/p>\n<ul>\n<li><span style=\"font-size: 20px\"><strong>Za wnoszenie op\u0142at po terminie naliczane s\u0105 odsetki !!!<\/strong><\/span><\/li>\n<\/ul>\n<p>&nbsp;<\/p>\n<ul>\n<li><span style=\"font-size: 20px\">Informacja o op\u0142atach na pocz\u0105tku okresu rozliczeniowego przesy\u0142ana jest na adres mailowy podany przez rodzica w karcie informacyjnej.<\/span><\/li>\n<\/ul>\n<p>&nbsp;<\/p>\n<ul>\n<li><span style=\"font-size: 20px\"><strong>W przypadku zmiany Pa\u0144stwa numeru konta bankowego <\/strong><strong>nale\u017cy NIEZW\u0141OCZNIE <\/strong><strong>poinformowa\u0107 intendenta o tej zmianie !!!<\/strong><\/span><\/li>\n<\/ul>\n<p>&nbsp;<\/p>\n<ul>\n<li><span style=\"font-size: 20px\">Zgodnie z uchwa\u0142\u0105 NR LVII\/1513\/22 z dnia 15 wrze\u015bnia 2022 r.\u00a0 &amp; 2 pkt. 1,2 Rady Miejskiej\u00a0 Wroc\u0142awia\u00a0 <strong>zwalnia si\u0119 z op\u0142aty rodzic\u00f3w posiadaj\u0105cych co najmniej troje dzieci pozostaj\u0105cych <\/strong><strong>na ich utrzymaniu\u00a0 i we wsp\u00f3lnym gospodarstwie domowym<\/strong>. Druk stosownego wniosku mo\u017cna pobra\u0107 u intendenta przedszkola lub w sekretariacie.\u00a0 Przy ustaleniu uprawnienia do zwolnienia z op\u0142aty uwzgl\u0119dnia si\u0119 wy\u0142\u0105cznie dzieci niepe\u0142noletnie lub pe\u0142noletnie pobieraj\u0105ce nauk\u0119 (za\u015bwiadczenie ze szko\u0142y) jednak nie d\u0142u\u017cej ni\u017c do uko\u0144czenia 24 roku \u017cycia.\u00a0 \u00a0 \u00a0 \u00a0 \u00a0 \u00a0 \u00a0 \u00a0 \u00a0 \u00a0 \u00a0 \u00a0 \u00a0 \u00a0 \u00a0 \u00a0 \u00a0 \u00a0 \u00a0 \u00a0 \u00a0 \u00a0 \u00a0 \u00a0 \u00a0 \u00a0 \u00a0 \u00a0 \u00a0 \u00a0 \u00a0 \u00a0 \u00a0 \u00a0 \u00a0 <\/span><\/li>\n<li><span style=\"font-size: 20px\">\u00a0<strong>PRZYPOMINAMY<\/strong>, \u017ce ww. wniosek nale\u017cy sk\u0142ada\u0107 ka\u017cdego roku we wrze\u015bniu\u00a0 ( na pocz\u0105tku\u00a0 \u00a0nowego roku szkolnego )\u00a0 \u00a0 \u00a0 \u00a0 \u00a0 \u00a0 \u00a0 \u00a0 \u00a0 \u00a0 \u00a0 \u00a0 \u00a0 \u00a0 \u00a0 \u00a0 \u00a0 \u00a0 \u00a0 \u00a0 \u00a0 \u00a0 \u00a0 \u00a0 \u00a0 \u00a0 \u00a0 \u00a0 \u00a0 \u00a0 \u00a0 \u00a0&#8211; nie dotyczy dzieci\u00a0 6 letnich.\u00a0 \u00a0 <\/span><\/li>\n<li><span style=\"font-size: 20px\">\u00a0Je\u017celi trzecie dziecko urodzi si\u0119 podczas trwaj\u0105cego roku szkolnego, prosimy niezw\u0142ocznie z\u0142o\u017cy\u0107 w\/w o\u015bwiadczenie w celu przeliczenia nowych op\u0142at.\u00a0<\/span><\/li>\n<\/ul>\n","protected":false},"excerpt":{"rendered":"<p>&nbsp; Op\u0142at miesi\u0119cznych dokonujemy do 15-tego\u00a0dnia ka\u017cdego miesi\u0105ca, przelewem na rachunek indywidualny wygenerowany dla ka\u017cdego podopiecznego.\u00a0 Zmiana obowi\u0105zuje od dnia 03.12.2018 r. &nbsp; Op\u0142ata miesi\u0119czna pobierana jest z do\u0142u, za [&hellip;]<\/p>\n","protected":false},"author":268,"featured_media":0,"parent":0,"menu_order":1,"comment_status":"closed","ping_status":"closed","template":"","meta":{"ngg_post_thumbnail":0,"footnotes":""},"class_list":["post-130","page","type-page","status-publish","hentry","clearfix"],"_links":{"self":[{"href":"https:\/\/przedszkole51.edu.wroclaw.pl\/index.php\/wp-json\/wp\/v2\/pages\/130","targetHints":{"allow":["GET"]}}],"collection":[{"href":"https:\/\/przedszkole51.edu.wroclaw.pl\/index.php\/wp-json\/wp\/v2\/pages"}],"about":[{"href":"https:\/\/przedszkole51.edu.wroclaw.pl\/index.php\/wp-json\/wp\/v2\/types\/page"}],"author":[{"embeddable":true,"href":"https:\/\/przedszkole51.edu.wroclaw.pl\/index.php\/wp-json\/wp\/v2\/users\/268"}],"replies":[{"embeddable":true,"href":"https:\/\/przedszkole51.edu.wroclaw.pl\/index.php\/wp-json\/wp\/v2\/comments?post=130"}],"version-history":[{"count":11,"href":"https:\/\/przedszkole51.edu.wroclaw.pl\/index.php\/wp-json\/wp\/v2\/pages\/130\/revisions"}],"predecessor-version":[{"id":2545,"href":"https:\/\/przedszkole51.edu.wroclaw.pl\/index.php\/wp-json\/wp\/v2\/pages\/130\/revisions\/2545"}],"wp:attachment":[{"href":"https:\/\/przedszkole51.edu.wroclaw.pl\/index.php\/wp-json\/wp\/v2\/media?parent=130"}],"curies":[{"name":"wp","href":"https:\/\/api.w.org\/{rel}","templated":true}]}}