
{"id":19,"date":"2021-12-09T08:57:40","date_gmt":"2021-12-09T07:57:40","guid":{"rendered":"https:\/\/przedszkole51.edu.wroclaw.pl\/?page_id=19"},"modified":"2025-03-11T14:24:33","modified_gmt":"2025-03-11T13:24:33","slug":"o-nas","status":"publish","type":"page","link":"https:\/\/przedszkole51.edu.wroclaw.pl\/index.php\/o-nas\/","title":{"rendered":"O nas"},"content":{"rendered":"<div class=\"wpb-content-wrapper\"><p>[vc_row][vc_column width=&#8221;1\/12&#8243;][\/vc_column][vc_column width=&#8221;1\/2&#8243;][vc_column_text css=&#8221;&#8221;]<span style=\"font-size: 24px\"><img loading=\"lazy\" decoding=\"async\" class=\"wp-image-4518 aligncenter\" src=\"https:\/\/przedszkole51.edu.wroclaw.pl\/wp-content\/uploads\/sites\/69\/2025\/03\/91-300x212.png\" alt=\"\" width=\"637\" height=\"450\" srcset=\"https:\/\/przedszkole51.edu.wroclaw.pl\/wp-content\/uploads\/sites\/69\/2025\/03\/91-300x212.png 300w, https:\/\/przedszkole51.edu.wroclaw.pl\/wp-content\/uploads\/sites\/69\/2025\/03\/91-1024x724.png 1024w, https:\/\/przedszkole51.edu.wroclaw.pl\/wp-content\/uploads\/sites\/69\/2025\/03\/91-768x543.png 768w, https:\/\/przedszkole51.edu.wroclaw.pl\/wp-content\/uploads\/sites\/69\/2025\/03\/91-1536x1086.png 1536w, https:\/\/przedszkole51.edu.wroclaw.pl\/wp-content\/uploads\/sites\/69\/2025\/03\/91.png 2000w\" sizes=\"auto, (max-width: 637px) 100vw, 637px\" \/><img loading=\"lazy\" decoding=\"async\" class=\"wp-image-4519 aligncenter\" src=\"https:\/\/przedszkole51.edu.wroclaw.pl\/wp-content\/uploads\/sites\/69\/2025\/03\/1112-300x212.png\" alt=\"\" width=\"623\" height=\"440\" srcset=\"https:\/\/przedszkole51.edu.wroclaw.pl\/wp-content\/uploads\/sites\/69\/2025\/03\/1112-300x212.png 300w, https:\/\/przedszkole51.edu.wroclaw.pl\/wp-content\/uploads\/sites\/69\/2025\/03\/1112-1024x724.png 1024w, https:\/\/przedszkole51.edu.wroclaw.pl\/wp-content\/uploads\/sites\/69\/2025\/03\/1112-768x543.png 768w, https:\/\/przedszkole51.edu.wroclaw.pl\/wp-content\/uploads\/sites\/69\/2025\/03\/1112-1536x1086.png 1536w, https:\/\/przedszkole51.edu.wroclaw.pl\/wp-content\/uploads\/sites\/69\/2025\/03\/1112.png 2000w\" sizes=\"auto, (max-width: 623px) 100vw, 623px\" \/><img loading=\"lazy\" decoding=\"async\" class=\"wp-image-4530 aligncenter\" src=\"https:\/\/przedszkole51.edu.wroclaw.pl\/wp-content\/uploads\/sites\/69\/2025\/03\/12-300x212.png\" alt=\"\" width=\"617\" height=\"436\" srcset=\"https:\/\/przedszkole51.edu.wroclaw.pl\/wp-content\/uploads\/sites\/69\/2025\/03\/12-300x212.png 300w, https:\/\/przedszkole51.edu.wroclaw.pl\/wp-content\/uploads\/sites\/69\/2025\/03\/12-1024x724.png 1024w, https:\/\/przedszkole51.edu.wroclaw.pl\/wp-content\/uploads\/sites\/69\/2025\/03\/12-768x543.png 768w, https:\/\/przedszkole51.edu.wroclaw.pl\/wp-content\/uploads\/sites\/69\/2025\/03\/12-1536x1086.png 1536w, https:\/\/przedszkole51.edu.wroclaw.pl\/wp-content\/uploads\/sites\/69\/2025\/03\/12.png 2000w\" sizes=\"auto, (max-width: 617px) 100vw, 617px\" \/><\/span>[\/vc_column_text][\/vc_column][vc_column width=&#8221;1\/3&#8243;][\/vc_column][\/vc_row][vc_row disable_element=&#8221;yes&#8221;][vc_column css=&#8221;.vc_custom_1740126210808{background: #727272 url(https:\/\/przedszkola.edu.wroclaw.pl\/wp-content\/uploads\/sites\/30\/2021\/06\/tlo.png?id=) !important;}&#8221;][vc_tta_tabs color=&#8221;white&#8221; active_section=&#8221;1&#8243;][vc_tta_section title=&#8221;Dyrekcja&#8221; tab_id=&#8221;1639051912103-9d974836-d3ee&#8221;][vc_column_text css=&#8221;&#8221;]<\/p>\n<h2 style=\"text-align: center\"><span style=\"font-size: 28px\">Dyrekcja<\/span><\/h2>\n<p style=\"text-align: center\"><strong>Dyrektor plac\u00f3wki : mgr Monika Tokarz.<\/strong><\/p>\n<p style=\"text-align: center\">Konsultacje\u00a0po wcze\u015bniejszym ustaleniu terminu spotkania.<\/p>\n<h3><\/h3>\n<h3><\/h3>\n<p style=\"text-align: center\"><strong>Wicedyrektor plac\u00f3wki: mgr Katarzyna Sty\u015b<br \/>\n<\/strong><\/p>\n<p style=\"text-align: center\">Konsultacje\u00a0po wcze\u015bniejszym ustaleniu terminu spotkania.<\/p>\n<p>&nbsp;<\/p>\n<p style=\"text-align: center\"><strong>Telefon:<\/strong><br \/>\n<strong>71\/798 67 95\u00a0 <\/strong>(wew. 100 &#8211; sekretariat)<\/p>\n<p>&nbsp;<\/p>\n<div class=\"pe-article-content\">\n<div class=\"vc_row wpb_row vc_row-fluid\">\n<div class=\"wpb_column vc_column_container vc_col-sm-12\">\n<div class=\"vc_column-inner\">\n<div class=\"wpb_wrapper\">\n<div class=\"wpb_text_column wpb_content_element \">\n<div class=\"wpb_wrapper\">\n<p><img loading=\"lazy\" decoding=\"async\" class=\"alignnone wp-image-658 aligncenter\" src=\"https:\/\/przedszkole51.edu.wroclaw.pl\/wp-content\/uploads\/sites\/69\/2022\/01\/sowy-300x180.png\" alt=\"\" width=\"242\" height=\"145\" srcset=\"https:\/\/przedszkole51.edu.wroclaw.pl\/wp-content\/uploads\/sites\/69\/2022\/01\/sowy-300x180.png 300w, https:\/\/przedszkole51.edu.wroclaw.pl\/wp-content\/uploads\/sites\/69\/2022\/01\/sowy.png 500w\" sizes=\"auto, (max-width: 242px) 100vw, 242px\" \/><\/p>\n<\/div>\n<\/div>\n<\/div>\n<\/div>\n<\/div>\n<\/div>\n<\/div>\n<p>[\/vc_column_text][\/vc_tta_section][vc_tta_section title=&#8221;Statut&#8221; tab_id=&#8221;1639133896374-af352ff2-cb63&#8243;][vc_column_text css=&#8221;&#8221;]<\/p>\n<h2 style=\"text-align: center\"><span style=\"font-size: 28px\">Statut<\/span><\/h2>\n<div class=\"pe-article-content\">\n<div class=\"vc_row wpb_row vc_row-fluid\">\n<div class=\"wpb_column vc_column_container vc_col-sm-12\">\n<div class=\"vc_column-inner\">\n<div class=\"wpb_wrapper\">\n<div class=\"wpb_text_column wpb_content_element \">\n<div class=\"wpb_wrapper\" style=\"text-align: center\">\n<p>&nbsp;<\/p>\n<\/div>\n<p style=\"text-align: center\"><img loading=\"lazy\" decoding=\"async\" class=\"\" src=\"https:\/\/i.pinimg.com\/564x\/7e\/47\/4f\/7e474fcf9e82cbf923f4c402000cc772.jpg\" alt=\"\" width=\"368\" height=\"169\" \/><\/p>\n<h2 style=\"text-align: center\">Statut Przedszkola nr 51 &#8222;Kolorowy Pocz\u0105tek&#8221; we Wroc\u0142awiu &#8211; <a href=\"https:\/\/przedszkole51.edu.wroclaw.pl\/wp-content\/uploads\/sites\/69\/2022\/10\/STATUT-PRZEDSZKOLA-nowelizacja-wrzesien-2022r.-wersja-koncowa.pdf\" target=\"_blank\" rel=\"noopener\">pobierz tutaj<\/a>.<\/h2>\n<\/div>\n<\/div>\n<p>&nbsp;<\/p>\n<\/div>\n<\/div>\n<\/div>\n<\/div>\n<p>[\/vc_column_text][\/vc_tta_section][vc_tta_section title=&#8221;Ramowy rozk\u0142ad dnia&#8221; tab_id=&#8221;1605250266111-837ee8f6-d1a9&#8243;][vc_column_text css=&#8221;&#8221;]<\/p>\n<h2><span style=\"font-size: 28px\">Ramowy rozk\u0142ad dnia<\/span><\/h2>\n<h3><strong>RAMOWY ROZK\u0141AD DNIA W GRUPIE TRZYLATK\u00d3W<\/strong><\/h3>\n<p><strong>6:30 \u2013 8:15<\/strong> <span style=\"font-size: 16px\">&#8211; <strong>Schodzenie si\u0119 dzieci<\/strong><\/span><\/p>\n<p>Zabawy indywidualne rozwijaj\u0105ce w\u0142asne zainteresowania oraz tw\u00f3rcze postawy, zabawy konstrukcyjne, tematyczne. Zabawy i \u0107wiczenia rozwijaj\u0105ce percepcj\u0119 wzrokow\u0105, s\u0142uchow\u0105, grafomotoryk\u0119, umiej\u0119tno\u015b\u0107 logicznego, matematycznego my\u015blenia, zabawy muzyczno- ruchowe.<\/p>\n<p><strong>8:15 \u2013 8:30<\/strong> <span style=\"font-size: 16px\">&#8211;<strong>Przygotowanie do \u015bniadania<\/strong><br \/>\n<\/span><\/p>\n<p>Doskonalenie nawyk\u00f3w higienicznych i sprawno\u015bci samoobs\u0142ugowych. Wdra\u017canie do opanowania umiej\u0119tno\u015bci kulturalnego jedzenia.<\/p>\n<p><strong>9:00 \u2013 9:40<\/strong> <span style=\"font-size: 16px\">&#8211; <strong>Zaj\u0119cia dydaktyczne<\/strong><\/span><\/p>\n<p>Realizowanie zada\u0144 edukacyjnych poprzez zaj\u0119cia z ca\u0142\u0105 grup\u0105. Doskonalenie sprawno\u015bci umys\u0142owych, motoryczno \u2013 ruchowych.<\/p>\n<p><strong>10:00<\/strong><span style=\"font-size: 16px\"> \u2013 <strong>Zabawy w sali<\/strong><\/span><\/p>\n<p>Zabawy i gry ruchowe. \u0106wiczenia i zabawy indywidualne z dzie\u0107mi w sali, dostosowane do ich mo\u017cliwo\u015bci i potrzeb.<\/p>\n<p><strong>10:20 \u2013 10:20<\/strong> <span style=\"font-size: 16px\">&#8211; <strong>Przygotowanie do posi\u0142ku &#8211; drugie \u015bniadanie<\/strong><\/span><\/p>\n<p>Doskonalenie czynno\u015bci samoobs\u0142ugowych oraz rozumienie konieczno\u015bci jedzenia owoc\u00f3w i warzyw.<\/p>\n<p><strong>10.20 \u2013 11:30<\/strong><span style=\"font-size: 16px\">\u2013 <strong>Zabawy w ogrodzie przedszkolnym, spacer\u00a0<\/strong><\/span><\/p>\n<p>Zabawy dowolne na placu zabaw, spacery, zabawy ruchowe. Opanowywanie umiej\u0119tno\u015bci zwi\u0105zanych z samodzielnym ubieraniem si\u0119 i rozbieraniem.<\/p>\n<p><strong>11:30 \u2013 12:10<\/strong><span style=\"font-size: 16px\"> &#8211; <strong>Przygotowanie do posi\u0142ku &#8211; obiad (zupa) + podwieczorek<\/strong><\/span><\/p>\n<p>Doskonalenie nawyk\u00f3w higienicznych i sprawno\u015bci samoobs\u0142ugowych. Wdra\u017canie do opanowania umiej\u0119tno\u015bci kulturalnego jedzenia oraz rozumienie konieczno\u015bci jedzenia r\u00f3\u017cnorodnych pokarm\u00f3w.<\/p>\n<p><strong>12:10 \u2013 13:50<\/strong><span style=\"font-size: 16px\">\u2013 <strong>Przygotowanie do le\u017cakowania- le\u017cakowanie<\/strong><\/span><\/p>\n<p>Opanowywanie umiej\u0119tno\u015bci zwi\u0105zanych z samodzielnym ubieraniem si\u0119 i rozbieraniem w pi\u017cam\u0119. Odpoczynek, s\u0142uchanie muzyki relaksacyjnej.<\/p>\n<p><strong>13:50 \u2013 14:15<\/strong><span style=\"font-size: 16px\"> \u2013 <strong>Przygotowanie do posi\u0142ku &#8211; obiad (II danie)<br \/>\n<\/strong><\/span><\/p>\n<p>Doskonalenie czynno\u015bci samoobs\u0142ugowych. Wdra\u017canie do przestrzegania zasad akceptowanych spo\u0142ecznie.<\/p>\n<p><strong>14:15 \u2013 16:30<\/strong> <span style=\"font-size: 16px\">&#8211; <strong>Zaj\u0119cia\u00a0 w ogrodzie przedszkolnym lub sali <\/strong><\/span><\/p>\n<p>Zabawy i gry dowolne na placu zabaw. Zabawy ruchowe przy muzyce. \u0106wiczenia i zabawy indywidualne z dzie\u0107mi w sali, dostosowane do ich mo\u017cliwo\u015bci i potrzeb. Utrwalanie poznanych wierszy i piosenek, s\u0142uchanie opowiada\u0144 nauczyciela, s\u0142uchanie literatury dzieci\u0119cej.<\/p>\n<p><strong>16:30 \u2013 17:00<\/strong> <span style=\"font-size: 16px\">&#8211; <strong>Rozchodzenie si\u0119 dzieci (grupa zbiorcza)<\/strong><\/span><\/p>\n<p>&nbsp;<\/p>\n<h3><strong>RAMOWY ROZK\u0141AD DNIA W GRUPIE 4,5 i 6 &#8211; latk\u00f3w<br \/>\n<\/strong><\/h3>\n<p><strong>6:30 \u2013 8:30<\/strong> &#8211; <strong>Schodzenie si\u0119 dzieci<\/strong><\/p>\n<p>Zabawy dowolne, rozwijanie zainteresowa\u0144, praca indywidualna lub w ma\u0142ych grupach, zabawy swobodne, \u0107wiczenia poranne lub zabawy ruchowe, zabawy integracyjne.<\/p>\n<p><strong>8:20 \u2013 9:15<\/strong> &#8211;<strong>Przygotowanie do \u015bniadania &#8211; \u015bniadanie<\/strong><\/p>\n<p>Czynno\u015bci porz\u0105dkowo \u2013 higieniczne. Doskonalenie umiej\u0119tno\u015bci samodzielnego i kulturalnego spo\u017cywania posi\u0142k\u00f3w.<\/p>\n<p><strong>9:30 \u2013 11:30<\/strong> &#8211; <strong>Zaj\u0119cia edukacyjne<br \/>\n<\/strong><\/p>\n<p>Realizacja podstawy programowej, zaj\u0119cia dodatkowe, zaj\u0119cia ruchowe, pobyt w ogrodzie przedszkolnym.<\/p>\n<p><strong>11:30 \u2013 12:15<\/strong> \u2013 <strong>Przygotowanie do posi\u0142ku &#8211; obiad (zupa) + podwieczorek<\/strong><strong><br \/>\n<\/strong><\/p>\n<p>Czynno\u015bci porz\u0105dkowo \u2013 higieniczne. Doskonalenie umiej\u0119tno\u015bci samodzielnego i kulturalnego spo\u017cywania posi\u0142k\u00f3w.\u00a0 \u0106wiczenie prawid\u0142owego pos\u0142ugiwania si\u0119 sztu\u0107cami.<\/p>\n<p><strong>12:15 \u2013 13:00<\/strong> &#8211; <strong>Odpoczynek<\/strong><\/p>\n<p>Poobiedni relaks, s\u0142uchanie bajek, wyciszenie przy muzyce.<\/p>\n<p><strong>13.20 \u2013 13:30<\/strong>\u2013 <strong>Zaj\u0119cia popo\u0142udniowe<br \/>\n<\/strong><\/p>\n<p>Zaj\u0119cia dodatkowe. Gry i zabawy dydaktyczne, zaj\u0119cia kompensacyjno \u2013 wyr\u00f3wnawcze.<\/p>\n<p><strong>13:30 \u2013 14:15<\/strong> &#8211; <strong>Przygotowanie do posi\u0142ku &#8211; obiad (II danie)<br \/>\n<\/strong><\/p>\n<p>Czynno\u015bci porz\u0105dkowo \u2013 higieniczne.\u00a0 Doskonalenie umiej\u0119tno\u015bci samodzielnego i kulturalnego spo\u017cywania posi\u0142k\u00f3w.<\/p>\n<p><strong>14:15 \u2013 16:30<\/strong>\u2013 <strong>Zabawy w ogrodzie przedszkolnym lub sali<br \/>\n<\/strong><\/p>\n<p>Zabawy i gry dowolne na placu zabaw. Zabawy ruchowe przy muzyce. \u0106wiczenia i zabawy indywidualne z dzie\u0107mi w sali, dostosowane do ich mo\u017cliwo\u015bci i potrzeb. Utrwalanie poznanych wierszy i piosenek, s\u0142uchanie opowiada\u0144 nauczyciela, s\u0142uchanie literatury dzieci\u0119cej.<\/p>\n<p><strong>16:30 \u2013 17:00<\/strong> &#8211; <strong>Rozchodzenie si\u0119 dzieci (grupa zbiorcza)<\/strong><\/p>\n<p>Zabawy dowolne wg zainteresowa\u0144 dzieci.<span style=\"font-size: 16px\"><br \/>\n<\/span>[\/vc_column_text][\/vc_tta_section][vc_tta_section title=&#8221;Przerwa wakacyjna&#8221; tab_id=&#8221;1665040029978-8c426e46-d139&#8243;][vc_column_text css=&#8221;&#8221;]<\/p>\n<h2 style=\"text-align: center\"><span style=\"font-size: 28px\">Przerwa wakacyjna<\/span><span style=\"font-size: 24pt;color: #b84d00\"><br \/>\n<\/span><\/h2>\n<h3 style=\"text-align: center\">W roku szkolnym 2024\/2025 przerwa wakacyjna przypada na miesi\u0105c LIPIEC.<\/h3>\n<p style=\"text-align: center\"><img loading=\"lazy\" decoding=\"async\" class=\"alignnone wp-image-1509\" src=\"https:\/\/przedszkole51.edu.wroclaw.pl\/wp-content\/uploads\/sites\/69\/2022\/09\/Wakacje-300x127.jpg\" alt=\"\" width=\"399\" height=\"169\" srcset=\"https:\/\/przedszkole51.edu.wroclaw.pl\/wp-content\/uploads\/sites\/69\/2022\/09\/Wakacje-300x127.jpg 300w, https:\/\/przedszkole51.edu.wroclaw.pl\/wp-content\/uploads\/sites\/69\/2022\/09\/Wakacje-768x325.jpg 768w, https:\/\/przedszkole51.edu.wroclaw.pl\/wp-content\/uploads\/sites\/69\/2022\/09\/Wakacje-600x254.jpg 600w, https:\/\/przedszkole51.edu.wroclaw.pl\/wp-content\/uploads\/sites\/69\/2022\/09\/Wakacje.jpg 1024w\" sizes=\"auto, (max-width: 399px) 100vw, 399px\" \/><\/p>\n<p>[\/vc_column_text][\/vc_tta_section][vc_tta_section title=&#8221;Przetargi&#8221; tab_id=&#8221;1664973138141-e92ef92d-d435&#8243;][vc_column_text css=&#8221;&#8221;]<\/p>\n<h2><span style=\"font-size: 28px\">Przetargi<\/span><\/h2>\n<div class=\"pe-article-content\">\n<div class=\"vc_row wpb_row vc_row-fluid\">\n<div class=\"wpb_column vc_column_container vc_col-sm-12\">\n<div class=\"vc_column-inner\">\n<div class=\"wpb_wrapper\">\n<div class=\"wpb_text_column wpb_content_element \">\n<div class=\"wpb_wrapper\">\n<h3><span id=\"divtagdefaultwrapper\">Wyb\u00f3r wykonawcy us\u0142ugi \u017cywienia na rzecz przedszkola nr 51&#8243; Kolorowy Pocz\u0105tek&#8221; we Wroc\u0142awiu<\/span><\/h3>\n<ul>\n<li><a href=\"http:\/\/przedszkole51.szkolnastrona.pl\/container\/dokumenty\/ogloszenie%20o%20postepowaniu.pdf\" target=\"_blank\" rel=\"noopener\"><span id=\"divtagdefaultwrapper\">Og\u0142oszenie o zam\u00f3wieniu (pdf)<\/span><\/a><\/li>\n<li><a href=\"http:\/\/przedszkole51.szkolnastrona.pl\/container\/dokumenty\/swz-P51-2021.pdf\"><span id=\"divtagdefaultwrapper\">Specyfikacja Warunk\u00f3w Zam\u00f3wienia (pdf)<\/span><\/a><\/li>\n<li><a href=\"http:\/\/przedszkole51.szkolnastrona.pl\/container\/dokumenty\/edytowalne.docx\"><span id=\"divtagdefaultwrapper\">Edytowalna wersja za\u0142\u0105cznik\u00f3w do SWZ (docx)<\/span><\/a><\/li>\n<li><a href=\"http:\/\/przedszkole51.szkolnastrona.pl\/container\/dokumenty\/Scan%202.pdf\"><span id=\"divtagdefaultwrapper\">Informacja o kwocie jak\u0105 zamawiaj\u0105cy <\/span><\/a><a href=\"http:\/\/przedszkole51.szkolnastrona.pl\/container\/dokumenty\/Scan%202.pdf\"><span id=\"divtagdefaultwrapper\">zamierza przeznaczy\u0107 na\u00a0<\/span><span id=\"divtagdefaultwrapper\">realizacj\u0119 zam\u00f3wienia (pdf)<\/span><span id=\"divtagdefaultwrapper\"><\/span><\/a><\/li>\n<li><a href=\"http:\/\/przedszkole51.szkolnastrona.pl\/container\/dokumenty\/Scan%202.pdf\">Informacja w trybie art. 222, ust. 5 ustawy PZP (pdf)<\/a><\/li>\n<li><a href=\"http:\/\/przedszkole51.szkolnastrona.pl\/container\/dokumenty\/Scan%201.pdf\" target=\"_blank\" rel=\"noopener\"><span id=\"divtagdefaultwrapper\">Rozstrzygni\u0119cie post\u0119powania (pdf)<\/span><\/a><\/li>\n<\/ul>\n<\/div>\n<\/div>\n<\/div>\n<\/div>\n<\/div>\n<\/div>\n<\/div>\n<p>[\/vc_column_text][\/vc_tta_section][\/vc_tta_tabs][\/vc_column][\/vc_row]<\/p>\n<\/div>","protected":false},"excerpt":{"rendered":"<p>[vc_row][vc_column width=&#8221;1\/12&#8243;][\/vc_column][vc_column width=&#8221;1\/2&#8243;][vc_column_text css=&#8221;&#8221;][\/vc_column_text][\/vc_column][vc_column width=&#8221;1\/3&#8243;][\/vc_column][\/vc_row][vc_row disable_element=&#8221;yes&#8221;][vc_column css=&#8221;.vc_custom_1740126210808{background: #727272 url(https:\/\/przedszkola.edu.wroclaw.pl\/wp-content\/uploads\/sites\/30\/2021\/06\/tlo.png?id=) !important;}&#8221;][vc_tta_tabs color=&#8221;white&#8221; active_section=&#8221;1&#8243;][vc_tta_section title=&#8221;Dyrekcja&#8221; tab_id=&#8221;1639051912103-9d974836-d3ee&#8221;][vc_column_text css=&#8221;&#8221;] Dyrekcja Dyrektor plac\u00f3wki : mgr Monika Tokarz. Konsultacje\u00a0po wcze\u015bniejszym ustaleniu terminu spotkania. Wicedyrektor plac\u00f3wki: mgr [&hellip;]<\/p>\n","protected":false},"author":267,"featured_media":0,"parent":0,"menu_order":0,"comment_status":"closed","ping_status":"closed","template":"","meta":{"ngg_post_thumbnail":0,"footnotes":""},"class_list":["post-19","page","type-page","status-publish","hentry","clearfix"],"_links":{"self":[{"href":"https:\/\/przedszkole51.edu.wroclaw.pl\/index.php\/wp-json\/wp\/v2\/pages\/19","targetHints":{"allow":["GET"]}}],"collection":[{"href":"https:\/\/przedszkole51.edu.wroclaw.pl\/index.php\/wp-json\/wp\/v2\/pages"}],"about":[{"href":"https:\/\/przedszkole51.edu.wroclaw.pl\/index.php\/wp-json\/wp\/v2\/types\/page"}],"author":[{"embeddable":true,"href":"https:\/\/przedszkole51.edu.wroclaw.pl\/index.php\/wp-json\/wp\/v2\/users\/267"}],"replies":[{"embeddable":true,"href":"https:\/\/przedszkole51.edu.wroclaw.pl\/index.php\/wp-json\/wp\/v2\/comments?post=19"}],"version-history":[{"count":101,"href":"https:\/\/przedszkole51.edu.wroclaw.pl\/index.php\/wp-json\/wp\/v2\/pages\/19\/revisions"}],"predecessor-version":[{"id":659,"href":"https:\/\/przedszkole51.edu.wroclaw.pl\/index.php\/wp-json\/wp\/v2\/pages\/19\/revisions\/659"}],"wp:attachment":[{"href":"https:\/\/przedszkole51.edu.wroclaw.pl\/index.php\/wp-json\/wp\/v2\/media?parent=19"}],"curies":[{"name":"wp","href":"https:\/\/api.w.org\/{rel}","templated":true}]}}