
{"id":84,"date":"2021-12-09T13:33:19","date_gmt":"2021-12-09T12:33:19","guid":{"rendered":"https:\/\/przedszkole51.edu.wroclaw.pl\/?page_id=84"},"modified":"2025-12-09T14:53:48","modified_gmt":"2025-12-09T13:53:48","slug":"kontakt","status":"publish","type":"page","link":"https:\/\/przedszkole51.edu.wroclaw.pl\/index.php\/kontakt\/","title":{"rendered":"Kontakt"},"content":{"rendered":"<div class=\"wpb-content-wrapper\"><p>[vc_row][vc_column][vc_raw_html]JTNDaWZyYW1lJTIwc3JjJTNEJTIyaHR0cHMlM0ElMkYlMkZ3d3cuZ29vZ2xlLmNvbSUyRm1hcHMlMkZlbWJlZCUzRnBiJTNEJTIxMW0xOCUyMTFtMTIlMjExbTMlMjExZDUwMTUuNDQyODkzODI5ODYlMjEyZDE3LjA3NDExMzgzNDg4NzclMjEzZDUxLjA1ODIzMTAwMDAwMDAwNiUyMTJtMyUyMTFmMCUyMTJmMCUyMTNmMCUyMTNtMiUyMTFpMTAyNCUyMTJpNzY4JTIxNGYxMy4xJTIxM20zJTIxMW0yJTIxMXMweDQ3MGZjMzI5MTk5ZDBhZTclMjUzQTB4M2JhMWRmZDQ5NTFjZjk4NyUyMTJzUHJ6ZWRzemtvbGUlMjUyMG5yJTI1MjA1MSUyMTVlMCUyMTNtMiUyMTFzcGwlMjEyc3BsJTIxNHYxNjM5MTI2NTEwMjU2JTIxNW0yJTIxMXNwbCUyMTJzcGwlMjIlMjB3aWR0aCUzRCUyMjEwMCUyNSUyMiUyMGhlaWdodCUzRCUyMjI1MCUyMiUyMHN0eWxlJTNEJTIyYm9yZGVyJTNBMCUzQiUyMiUyMGFsbG93ZnVsbHNjcmVlbiUzRCUyMiUyMiUyMGxvYWRpbmclM0QlMjJsYXp5JTIyJTNFJTNDJTJGaWZyYW1lJTNF[\/vc_raw_html][\/vc_column][\/vc_row][vc_row][vc_column][vc_column_text css=&#8221;&#8221;]<\/p>\n<h1 style=\"text-align: center\"><strong><span style=\"font-size: 48px\">Zach\u0119camy do kontaktu<\/span><\/strong><span style=\"font-size: 42pt;color: #3176af\"><br \/>\n<\/span><\/h1>\n<p><strong data-start=\"55\" data-end=\"77\">Dyrektor plac\u00f3wki:<\/strong><br data-start=\"77\" data-end=\"80\" \/>mgr Monika Tokarz<\/p>\n<p><strong data-start=\"99\" data-end=\"123\">Godziny dost\u0119pno\u015bci:<\/strong><br data-start=\"123\" data-end=\"126\" \/>\u015aroda, godz. 11:00\u201312:00<br data-start=\"150\" data-end=\"153\" \/>lub w innym terminie \u2013 po wcze\u015bniejszym ustaleniu spotkania.<\/p>\n<p><strong data-start=\"298\" data-end=\"324\">Wicedyrektor plac\u00f3wki:<\/strong><br data-start=\"324\" data-end=\"327\" \/>mgr Katarzyna Sty\u015b<\/p>\n<p><strong data-start=\"348\" data-end=\"372\">Godziny dost\u0119pno\u015bci:<\/strong><br data-start=\"372\" data-end=\"375\" \/>Poniedzia\u0142ek, godz. 12:00\u201313:00<br data-start=\"406\" data-end=\"409\" \/>lub w innym terminie \u2013 po wcze\u015bniejszym ustaleniu spotkania.<\/p>\n<p>[\/vc_column_text][vc_separator color=&#8221;custom&#8221; border_width=&#8221;4&#8243; el_width=&#8221;70&#8243; css=&#8221;.vc_custom_1738148166678{margin-top: -30px !important;}&#8221; accent_color=&#8221;#727272&#8243;][vc_cta h2=&#8221;&#8221; el_width=&#8221;md&#8221; add_icon=&#8221;left&#8221; i_icon_fontawesome=&#8221;fas fa-home&#8221; i_color=&#8221;black&#8221; css=&#8221;.vc_custom_1738843111492{margin-top: 0px !important;margin-bottom: 0px !important;padding-top: 0px !important;padding-right: 0px !important;padding-bottom: 0px !important;padding-left: 0px !important;}&#8221;]<\/p>\n<p style=\"text-align: left\">Przedszkole nr 51 &#8222;Kolorowy Pocz\u0105tek&#8221; mie\u015bci si\u0119 przy dw\u00f3ch lokalizacjach:<br \/>\nul. Semaforowa 42<br \/>\nul.Warszawska 4<\/p>\n<p>[\/vc_cta][vc_cta h2=&#8221;&#8221; css=&#8221;.vc_custom_1745910809724{padding-top: 0px !important;padding-right: 0px !important;padding-bottom: 0px !important;padding-left: 0px !important;}&#8221;]<\/p>\n<p style=\"text-align: center\"><strong>G\u0142\u00f3wny budynek z zapleczem administracyjnym mie\u015bci si\u0119 w budynku przy ulicy Semaforowej 42.<\/strong><\/p>\n<p style=\"text-align: center\">Adres do kontaktu:<br \/>\nPrzedszkole nr 51 &#8222;Kolorowy Pocz\u0105tek&#8221;<br \/>\nul. Semaforowa 42<br \/>\n52-115 Wroc\u0142aw<\/p>\n<p>[\/vc_cta][vc_cta h2=&#8221;&#8221; shape=&#8221;square&#8221; el_width=&#8221;md&#8221; add_icon=&#8221;left&#8221; i_icon_fontawesome=&#8221;fas fa-phone-alt&#8221; i_color=&#8221;black&#8221; css=&#8221;.vc_custom_1738843079160{margin-top: 0px !important;margin-right: 0px !important;margin-bottom: 0px !important;margin-left: 0px !important;padding-top: 0px !important;padding-right: 0px !important;padding-bottom: 0px !important;padding-left: 0px !important;}&#8221;]<\/p>\n<p style=\"text-align: left\">(71) 798 67 95<br \/>\nwew. 100 &#8211; sekretariat<br \/>\nwew. 151 &#8211; ul. Warszawska<br \/>\nwew. 113 &#8211; intendent<\/p>\n<p>[\/vc_cta][vc_cta h2=&#8221;&#8221; el_width=&#8221;md&#8221; add_icon=&#8221;left&#8221; i_icon_fontawesome=&#8221;fas fa-envelope&#8221; i_color=&#8221;black&#8221; css=&#8221;.vc_custom_1746013987389{margin-bottom: 0px !important;padding-top: 0px !important;padding-right: 0px !important;padding-bottom: 0px !important;padding-left: 0px !important;}&#8221;]sekretariat.p051@wroclawskaedukacja.pl[\/vc_cta][vc_cta h2=&#8221;&#8221; el_width=&#8221;md&#8221; css=&#8221;.vc_custom_1746014062480{margin-bottom: 0px !important;margin-left: 10px !important;padding-top: 0px !important;padding-right: 0px !important;padding-bottom: 0px !important;padding-left: 0px !important;}&#8221;]<img loading=\"lazy\" decoding=\"async\" class=\"alignnone wp-image-4808\" src=\"https:\/\/przedszkole51.edu.wroclaw.pl\/wp-content\/uploads\/sites\/69\/2025\/04\/edoreczenia-logo-300x56.png\" alt=\"\" width=\"119\" height=\"22\" srcset=\"https:\/\/przedszkole51.edu.wroclaw.pl\/wp-content\/uploads\/sites\/69\/2025\/04\/edoreczenia-logo-300x56.png 300w, https:\/\/przedszkole51.edu.wroclaw.pl\/wp-content\/uploads\/sites\/69\/2025\/04\/edoreczenia-logo.png 320w\" sizes=\"auto, (max-width: 119px) 100vw, 119px\" \/>\u00a0 AE:PL-57790-71635-VGJRF-18<\/p>\n<p data-normal-size=\"16\"><img loading=\"lazy\" decoding=\"async\" class=\"alignnone wp-image-4809\" src=\"https:\/\/przedszkole51.edu.wroclaw.pl\/wp-content\/uploads\/sites\/69\/2025\/04\/epuap2_logo.png\" alt=\"\" width=\"120\" height=\"19\" \/> <a href=\"https:\/\/epuap.gov.pl\/wps\/portal\/strefa-klienta\/katalog-spraw\/opis-uslugi\/pismo-ogolne-do-urzedu\/Przedszkole_nr_51\/\" target=\"_blank\" rel=\"noopener\">Elektroniczna Skrzynka Podawcza<\/a><\/p>\n<p>[\/vc_cta][\/vc_column][\/vc_row][vc_row disable_element=&#8221;yes&#8221;][vc_column][vc_column_text css=&#8221;&#8221;]<\/p>\n<h1 style=\"text-align: center\"><strong><span style=\"font-size: 48px\">Zach\u0119camy do kontaktu<\/span><\/strong><span style=\"font-size: 42pt;color: #3176af\"><br \/>\n<\/span><\/h1>\n<p>[\/vc_column_text][vc_separator color=&#8221;custom&#8221; border_width=&#8221;4&#8243; el_width=&#8221;70&#8243; css=&#8221;.vc_custom_1738148166678{margin-top: -30px !important;}&#8221; accent_color=&#8221;#727272&#8243;][vc_column_text css=&#8221;&#8221;]<strong data-start=\"55\" data-end=\"77\">Dyrektor plac\u00f3wki:<\/strong><br data-start=\"77\" data-end=\"80\" \/>mgr Monika Tokarz<\/p>\n<p><strong data-start=\"99\" data-end=\"123\">Godziny dost\u0119pno\u015bci:<\/strong><br data-start=\"123\" data-end=\"126\" \/>\u015aroda, godz. 11:00\u201312:00<br data-start=\"150\" data-end=\"153\" \/>lub w innym terminie \u2013 po wcze\u015bniejszym ustaleniu spotkania.<\/p>\n<p><strong data-start=\"298\" data-end=\"324\">Wicedyrektor plac\u00f3wki:<\/strong><br data-start=\"324\" data-end=\"327\" \/>mgr Katarzyna Sty\u015b<\/p>\n<p><strong data-start=\"348\" data-end=\"372\">Godziny dost\u0119pno\u015bci:<\/strong><br data-start=\"372\" data-end=\"375\" \/>Poniedzia\u0142ek, godz. 12:00\u201313:00<br data-start=\"406\" data-end=\"409\" \/>lub w innym terminie \u2013 po wcze\u015bniejszym ustaleniu spotkania.<\/p>\n<p>Sekretariat przedszkola mie\u015bci si\u0119 w budynku przy ul. Semaforowej 42.<br \/>\nCzynny jest codziennie od godz. 7:00 do 15:00.<\/p>\n<p><strong>Telefon:<\/strong><\/p>\n<p>(71) 798 67 95<br \/>\nwew. 100 &#8211; sekretariat<br \/>\nwew. 151 &#8211; ul. Warszawska<br \/>\nwew. 113 &#8211; intendent<\/p>\n<p>sekretariat.p051@wroclawskaedukacja.pl<\/p>\n<p><strong>adres dor\u0119cze\u0144 elektronicznych<\/strong>: AE:PL-57790-71635-VGJRF-18<\/p>\n<p>&nbsp;<\/p>\n<p>[\/vc_column_text][\/vc_column][\/vc_row]<\/p>\n<\/div>","protected":false},"excerpt":{"rendered":"<p>[vc_row][vc_column][vc_raw_html]JTNDaWZyYW1lJTIwc3JjJTNEJTIyaHR0cHMlM0ElMkYlMkZ3d3cuZ29vZ2xlLmNvbSUyRm1hcHMlMkZlbWJlZCUzRnBiJTNEJTIxMW0xOCUyMTFtMTIlMjExbTMlMjExZDUwMTUuNDQyODkzODI5ODYlMjEyZDE3LjA3NDExMzgzNDg4NzclMjEzZDUxLjA1ODIzMTAwMDAwMDAwNiUyMTJtMyUyMTFmMCUyMTJmMCUyMTNmMCUyMTNtMiUyMTFpMTAyNCUyMTJpNzY4JTIxNGYxMy4xJTIxM20zJTIxMW0yJTIxMXMweDQ3MGZjMzI5MTk5ZDBhZTclMjUzQTB4M2JhMWRmZDQ5NTFjZjk4NyUyMTJzUHJ6ZWRzemtvbGUlMjUyMG5yJTI1MjA1MSUyMTVlMCUyMTNtMiUyMTFzcGwlMjEyc3BsJTIxNHYxNjM5MTI2NTEwMjU2JTIxNW0yJTIxMXNwbCUyMTJzcGwlMjIlMjB3aWR0aCUzRCUyMjEwMCUyNSUyMiUyMGhlaWdodCUzRCUyMjI1MCUyMiUyMHN0eWxlJTNEJTIyYm9yZGVyJTNBMCUzQiUyMiUyMGFsbG93ZnVsbHNjcmVlbiUzRCUyMiUyMiUyMGxvYWRpbmclM0QlMjJsYXp5JTIyJTNFJTNDJTJGaWZyYW1lJTNF[\/vc_raw_html][\/vc_column][\/vc_row][vc_row][vc_column][vc_column_text css=&#8221;&#8221;] Zach\u0119camy do kontaktu Dyrektor plac\u00f3wki:mgr Monika Tokarz Godziny dost\u0119pno\u015bci:\u015aroda, godz. 11:00\u201312:00lub w innym terminie \u2013 po wcze\u015bniejszym ustaleniu spotkania. Wicedyrektor plac\u00f3wki:mgr Katarzyna Sty\u015b Godziny dost\u0119pno\u015bci:Poniedzia\u0142ek, godz. 12:00\u201313:00lub w [&hellip;]<\/p>\n","protected":false},"author":435,"featured_media":0,"parent":0,"menu_order":0,"comment_status":"closed","ping_status":"closed","template":"","meta":{"ngg_post_thumbnail":0,"footnotes":""},"class_list":["post-84","page","type-page","status-publish","hentry","clearfix"],"_links":{"self":[{"href":"https:\/\/przedszkole51.edu.wroclaw.pl\/index.php\/wp-json\/wp\/v2\/pages\/84","targetHints":{"allow":["GET"]}}],"collection":[{"href":"https:\/\/przedszkole51.edu.wroclaw.pl\/index.php\/wp-json\/wp\/v2\/pages"}],"about":[{"href":"https:\/\/przedszkole51.edu.wroclaw.pl\/index.php\/wp-json\/wp\/v2\/types\/page"}],"author":[{"embeddable":true,"href":"https:\/\/przedszkole51.edu.wroclaw.pl\/index.php\/wp-json\/wp\/v2\/users\/435"}],"replies":[{"embeddable":true,"href":"https:\/\/przedszkole51.edu.wroclaw.pl\/index.php\/wp-json\/wp\/v2\/comments?post=84"}],"version-history":[{"count":44,"href":"https:\/\/przedszkole51.edu.wroclaw.pl\/index.php\/wp-json\/wp\/v2\/pages\/84\/revisions"}],"predecessor-version":[{"id":5720,"href":"https:\/\/przedszkole51.edu.wroclaw.pl\/index.php\/wp-json\/wp\/v2\/pages\/84\/revisions\/5720"}],"wp:attachment":[{"href":"https:\/\/przedszkole51.edu.wroclaw.pl\/index.php\/wp-json\/wp\/v2\/media?parent=84"}],"curies":[{"name":"wp","href":"https:\/\/api.w.org\/{rel}","templated":true}]}}